{"id":2622,"date":"2019-07-05T18:29:43","date_gmt":"2019-07-05T16:29:43","guid":{"rendered":"http:\/\/3.122.4.63\/?page_id=2622"},"modified":"2025-11-12T11:41:12","modified_gmt":"2025-11-12T10:41:12","slug":"groupes-scolaires","status":"publish","type":"course","link":"https:\/\/www.davidschool.com\/fr\/cours\/cours-speciaux\/groupes-scolaires\/","title":{"rendered":"COURS POUR GROUPES SCOLAIRES"},"content":{"rendered":"\n<h2 class=\"wp-block-heading\"><strong>S\u00c9JOUR LINGUISTIQUE \u00c0 FLORENCE POUR DES GROUPES DE LYC\u00c9EN<\/strong><\/h2>\n\n\n\n<h4 class=\"wp-block-heading\"><strong>Cours d&rsquo;italien + h\u00e9bergement + activit\u00e9s de loisirs + excursion +<\/strong><\/h4>\n\n\n\n<div class=\"wp-block-columns is-layout-flex wp-container-core-columns-is-layout-9d6595d7 wp-block-columns-is-layout-flex\">\n<div class=\"wp-block-column is-layout-flow wp-block-column-is-layout-flow\">\n<figure class=\"wp-block-image size-large\"><img loading=\"lazy\" decoding=\"async\" width=\"1024\" height=\"768\" src=\"https:\/\/www.davidschool.com\/wp-content\/uploads\/2019\/09\/7-Gruppi-scolastici-2-1024x768.jpg\" alt=\"\" class=\"wp-image-15837\" srcset=\"https:\/\/www.davidschool.com\/wp-content\/uploads\/2019\/09\/7-Gruppi-scolastici-2-1024x768.jpg 1024w, https:\/\/www.davidschool.com\/wp-content\/uploads\/2019\/09\/7-Gruppi-scolastici-2-300x225.jpg 300w, https:\/\/www.davidschool.com\/wp-content\/uploads\/2019\/09\/7-Gruppi-scolastici-2-768x576.jpg 768w, https:\/\/www.davidschool.com\/wp-content\/uploads\/2019\/09\/7-Gruppi-scolastici-2-80x60.jpg 80w, https:\/\/www.davidschool.com\/wp-content\/uploads\/2019\/09\/7-Gruppi-scolastici-2-1536x1152.jpg 1536w, https:\/\/www.davidschool.com\/wp-content\/uploads\/2019\/09\/7-Gruppi-scolastici-2-2048x1536.jpg 2048w, https:\/\/www.davidschool.com\/wp-content\/uploads\/2019\/09\/7-Gruppi-scolastici-2-240x180.jpg 240w\" sizes=\"auto, (max-width: 1024px) 100vw, 1024px\" \/><\/figure>\n<\/div>\n\n\n\n<div class=\"wp-block-column is-layout-flow wp-block-column-is-layout-flow\">\n<figure class=\"wp-block-image size-large\"><img loading=\"lazy\" decoding=\"async\" width=\"1024\" height=\"768\" src=\"https:\/\/www.davidschool.com\/wp-content\/uploads\/2019\/08\/7-Gruppi-scolastici-8-1024x768.jpg\" alt=\"\" class=\"wp-image-10135\" srcset=\"https:\/\/www.davidschool.com\/wp-content\/uploads\/2019\/08\/7-Gruppi-scolastici-8-1024x768.jpg 1024w, https:\/\/www.davidschool.com\/wp-content\/uploads\/2019\/08\/7-Gruppi-scolastici-8-300x225.jpg 300w, https:\/\/www.davidschool.com\/wp-content\/uploads\/2019\/08\/7-Gruppi-scolastici-8-768x576.jpg 768w, https:\/\/www.davidschool.com\/wp-content\/uploads\/2019\/08\/7-Gruppi-scolastici-8-80x60.jpg 80w, https:\/\/www.davidschool.com\/wp-content\/uploads\/2019\/08\/7-Gruppi-scolastici-8-1536x1152.jpg 1536w, https:\/\/www.davidschool.com\/wp-content\/uploads\/2019\/08\/7-Gruppi-scolastici-8-2048x1536.jpg 2048w, https:\/\/www.davidschool.com\/wp-content\/uploads\/2019\/08\/7-Gruppi-scolastici-8-240x180.jpg 240w\" sizes=\"auto, (max-width: 1024px) 100vw, 1024px\" \/><\/figure>\n<\/div>\n<\/div>\n\n\n\n<p>Le cours d&rsquo;italien pour groupes scolaires sont r\u00e9serv\u00e9s aux \u00e9l\u00e8ves de 14 \u00e0 19 ans issus de la m\u00eame \u00e9cole. Les cours sont organis\u00e9s \u00e0 tout moment de l&rsquo;ann\u00e9e pour une ou deux semaines. Le forfait classique comprend des cours pour les \u00e9tudiants, l&rsquo;h\u00e9bergement pour les \u00e9tudiants et les enseignants, ainsi que des activit\u00e9s et les transports.<\/p>\n\n\n\n<p>Depuis de nombreuses ann\u00e9es, l&rsquo;Istituto Il David organise des <strong>cours de langue et de culture italienne pour les groupes scolaires<\/strong> avec des \u00e9l\u00e8ves \u00e2g\u00e9s de 14 \u00e0 19 ans.<\/p>\n\n\n\n<p>En classe, les cours sont ax\u00e9s sur la conversation et ont pour objectif l&rsquo;am\u00e9lioration de la langue parl\u00e9e. Les enseignants organisent diverses le\u00e7ons interactives, int\u00e9ressantes et divertissantes qui stimulent continuellement les \u00e9l\u00e8ves \u00e0 parler, parler et parler.<br>Gr\u00e2ce \u00e0 l&rsquo;exp\u00e9rience acquise depuis plus de 20 ans dans l&rsquo;accueil des groupes scolaires, l&rsquo;Istituto Il David garantit un excellent rapport qualit\u00e9 \/ prix, professionnalisme et flexibilit\u00e9, un s\u00e9jour agr\u00e9able et rentable, des cours dynamiques et ludiques, la gentillesse, la disponibilit\u00e9 et la s\u00e9curit\u00e9 des Familles, activit\u00e9s vari\u00e9es et int\u00e9ressantes, assistance continue aux \u00e9tudiants, collaboration quotidienne avec les enseignants avec r\u00e9vision du programme et contr\u00f4le des progr\u00e8s des \u00e9l\u00e8ves en classe et parmi les familles.<br>Florence est la ville id\u00e9ale pour l&rsquo;\u00e9tude des jeunes \u00e9tudiants. C&rsquo;est une ville pleine d&rsquo;histoire, d&rsquo;art, de culture, de monuments, de clubs, d&rsquo;\u00e9v\u00e9nements. Cela garantit que les \u00e9tudiants soit toujours occup\u00e9s \u00e0 visiter des sites culturels et des monuments c\u00e9l\u00e8bres ou \u00e0 s&rsquo;amuser entre amis. C&rsquo;est aussi une ville de taille moyenne o\u00f9 la vie des \u00e9tudiants se d\u00e9roule au centre entre l&rsquo;\u00e9cole et les quartiers des familles, ce qui garantit s\u00e9curit\u00e9 et confort.<\/p>\n\n\n\n<p><strong>Le forfait classique<\/strong> d&rsquo;une semaine (7 jours \/ 6 nuits) comprend:<\/p>\n\n\n\n<p><strong>Cours de langue italienne<\/strong> de 4 heures par jour (horaire 9:00-13:00) sur une dur\u00e9e de 5 jours (20 heures totales)<br><strong>H\u00e9bergement pour les \u00e9tudiants:<\/strong> h\u00e9bergement en chambres doubles ou triples avec des familles italiennes dans le centre de Florence (5-20 minutes \u00e0 pied de l&rsquo;\u00e9cole) avec demi-pension (petit d\u00e9jeuner et d\u00eener).<br><strong>H\u00e9bergement pour les enseignants:<\/strong> chambres simples ou doubles dans des h\u00f4tels 2, 3 ou 4 \u00e9toiles pr\u00e8s de l&rsquo;\u00e9cole.<br><strong>Activit\u00e9s r\u00e9cr\u00e9atives et culturelles dans l&rsquo;apr\u00e8s-midi:<\/strong> promenades dans le centre-ville, regarder des films italiens, cours de cuisine italienne, musique, art, et bien d&rsquo;autres activit\u00e9s de votre choix.<br><strong>Visites<\/strong> de mus\u00e9es, d&rsquo;\u00e9glises et de b\u00e2timents historiques.<br><strong>Excursions<\/strong> dans des parcs, villa Medici, lieux culturels et pittoresques importants.<br><strong>Excursions<\/strong> dans d&rsquo;autres villes toscanes comme Sienne, Pise, Lucca, voyages \u00e0 la mer (5 Terre, Viareggio) ou Chianti.<br><strong>Transfert<\/strong> de la gare centrale de Florence aux logements des familles.<br><strong>Certificat de participation<\/strong><\/p>\n\n\n\n<p>Les arriv\u00e9es et les d\u00e9parts sont pr\u00e9vus le samedi ou le dimanche. Sur demande, il est possible: d&rsquo;organiser les arriv\u00e9es et les d\u00e9parts pendant les jours ouvrables, de convenir de la dur\u00e9e du s\u00e9jour et du cours, de changer le nombre d&rsquo;heures de cours par jour.<br>Le programme didactique, consolid\u00e9 par des ann\u00e9es d&rsquo;exp\u00e9rience avec les groupes, est flexible et personnalisable en fonction de l&rsquo;\u00e9cole d&rsquo;origine, du niveau des \u00e9tudiants et des demandes de l&rsquo;enseignant.<\/p>\n\n\n\n<h3 class=\"wp-block-heading\">COMMENTAIRES DE QUELQUES PROFESSEURS<\/h3>\n\n\n<div class=\"testimonial testimonial-primary\">\n        <blockquote>\n            <p class=\"mb-0\" style=\"color: white !important\">My students have partecipated in the one-week program which the foud excellent for the conversation development.<br \/>\nThe school organized a variety of topics and activities which the student enjoyed very much.<br \/>\nThey have learned much and in a fun way that reinforced what the knew already, introduced new things and extended them to build confidence in new situation.<br \/>\nThe school has been very flexible in acconmodating our needs, including extra activities if we wanted and providing excellent suggestion for places to visit and the best restaurants to try.<br \/>\nIt has been a most rewarding experience!<br \/>\nAs my students did not do the family experience, I cannot comment except to say that for students a bit older than mine, it would be a wonderful way to immerse in the culture and extend knowledge of the italian language.<br \/>\nThe combination of daily classes and free time to explore Florence as a group has worked very well for us.<br \/>\nI would like to thank Carlo and Assunta for their welcome and warmth to us as a visiting group.<br \/>\n<\/p>\n        <\/blockquote>\n        <div class=\"testimonial-arrow-down\"><\/div>\n        <div class=\"testimonial-author\">\n            <p><strong class=\"font-weight-extra-bold\">Beth G.<\/strong><\/p>\n        <\/div>\n    <\/div>\n\n\n<div class=\"testimonial testimonial-primary\">\n        <blockquote>\n            <p class=\"mb-0\" style=\"color: white !important\">Anche quest&rsquo;anno la settimana a Firenze \u00e8 andata veramente bene! Per ci\u00f2 che riguarda l&rsquo;organizzazione di tutto il viaggio, devo proprio ammettere che la collaborazione con voi, in particolare la vostra grande professionalit\u00e0 e il Vs impeccabile lavoro, fanno s\u00ec che l&rsquo;attivit\u00e0 da me svolta, funzioni veramente bene.<br \/>\nI ragazzi erano entusiasti, si sono trovati tutti molto bene presso le famiglie, hanno assaporato le specialit\u00e0 italiane ed erano anche molto contenti delle lezioni a scuola. Le insegnanti piacciono molto e sono davvero in gamba. Una ragazza mi ha persino detto che non le sembrava neanche di essere a lezione, talmente piacevoli e divertenti erano le lezioni. Dato che gli allievi hanno 4 ore al giorno, mi sembra ottimo che si alternino sempre due insegnanti.<br \/>\nLa Vs seriet\u00e0 e professionalit\u00e0, unite a un&rsquo;atmosfera di grande accoglienza, permettono ai ns allievi di sentirsi a proprio agio e di frequentare volentieri le Vs lezioni.<br \/>\nPer ci\u00f2 che concerne le visite, giro d&rsquo;orientamento a Firenze (Anna \u00e8 bravissima), la visita alla fattoria \u00e8 piaciuta molto, anche le visite museali sono andate veramente bene. Infine pure la visita aziendale \u00e8 stata interessante.<br \/>\nCome anche l&rsquo;anno scorso la sistemazione da Laura \u00e8 stata perfetta. Praticamente \u00e8 come stare a casa!<br \/>\nIn conclusione devo proprio sottolineare che la collaborazione con Voi, \u00e8 un vero piacere!<br \/>\nAugurandoVi un buon anno lavorativo, Vi saluto cordialmente!<br \/>\n<\/p>\n        <\/blockquote>\n        <div class=\"testimonial-arrow-down\"><\/div>\n        <div class=\"testimonial-author\">\n            <p><strong class=\"font-weight-extra-bold\">Gabriella T.<\/strong><\/p>\n        <\/div>\n    <\/div>\n\n\n<div class=\"testimonial testimonial-primary\">\n        <blockquote>\n            <p class=\"mb-0\" style=\"color: white !important\">Per quanto riguarda la nostra settimana a Firenze siamo come sempre stracontenti: tutto ha funzionato benissimo e gli studenti sono ritornati pieni di bei ricordi e di impressioni stupende della scuola, di tutti voi, delle famiglie ospitanti e di una citt\u00e0 bellissima.<br \/>\nDomani devono consegnare i loro lavori scritti e mi sa che qualcuno ci dar\u00e0 un lavoro scritto sul computer e cos\u00ec ve ne posso anche spedire uno o due esemplari per avere un po&rsquo; un feedback da parte degli studenti.<br \/>\nun caro saluto e tanti baci, oggi c\u00b4\u00e8 il sole!!!<br \/>\n<\/p>\n        <\/blockquote>\n        <div class=\"testimonial-arrow-down\"><\/div>\n        <div class=\"testimonial-author\">\n            <p><strong class=\"font-weight-extra-bold\">Dunja M.<\/strong><\/p>\n        <\/div>\n    <\/div>\n\n\n<div class=\"testimonial testimonial-primary\">\n        <blockquote>\n            <p class=\"mb-0\" style=\"color: white !important\">Da 11 anni collaboro con l&rsquo; Istituto il David!!! Sono un&rsquo; insegnante d&rsquo; italiano in Grecia e accompagnatrice di gruppi greci che vogliono migliorare la lingua in Italia.<br \/>\nDevo ammettere che sono super soddisfatta della professionalit\u00e0 e della cordialit\u00e0 dei proprietari e del personale! Gli insegnanti madrelingua sono professionisti specializzati nell&rsquo; insegnamento agli stranieri.<br \/>\nI miei studenti non solo hanno migliorato l&rsquo; italiano ma anche si sono immersi nella cultura italiana grazie al lavoro dell&rsquo;Istituto il David!<br \/>\n<\/p>\n        <\/blockquote>\n        <div class=\"testimonial-arrow-down\"><\/div>\n        <div class=\"testimonial-author\">\n            <p><strong class=\"font-weight-extra-bold\">Pella T.<\/strong><\/p>\n        <\/div>\n    <\/div>\n\n\n<div class=\"testimonial testimonial-primary\">\n        <blockquote>\n            <p class=\"mb-0\" style=\"color: white !important\">I had an opportunity to return to my favourite language school in Florence, Istituto Il David, with the new group; 36 students in the age of 17-18 and 3 high school teachers.<br \/>\nWe enjoyed of the beautiful weather of April and the school had organised us a very interesting tour in the city center. We got much information about history and culture.<br \/>\nWe also got to know what is the best ice cream place in Florence. It is really the number one! After a good lunch in a self service place near by we had the lessons of Italian body language.<br \/>\nIt was so fun and useful! The teacher was cheerful and capable to get all students working with gestures and new Italian words. I am sure these young people will return to study Italian in Istituto Il David &#8211; like my kids have.<br \/>\n<\/p>\n        <\/blockquote>\n        <div class=\"testimonial-arrow-down\"><\/div>\n        <div class=\"testimonial-author\">\n            <p><strong class=\"font-weight-extra-bold\">Anne R.<\/strong><\/p>\n        <\/div>\n    <\/div>\n\n\n<div class=\"testimonial testimonial-primary\">\n        <blockquote>\n            <p class=\"mb-0\" style=\"color: white !important\">Sono insegnante d&rsquo;italiano in Lituania, io e le mie studentesse siamo entusiaste della scuola!!! Ottima accoglienza, il metodo di studio, gli insegnanti di qualit\u00e0, il programma di studio sempre aggiornato. Di sicuro torneremo anche anno prossimo. Da consigliare&#8230;<br \/>\n<\/p>\n        <\/blockquote>\n        <div class=\"testimonial-arrow-down\"><\/div>\n        <div class=\"testimonial-author\">\n            <p><strong class=\"font-weight-extra-bold\">Vlaida K.<\/strong><\/p>\n        <\/div>\n    <\/div>\n\n\n<div class=\"testimonial testimonial-primary\">\n        <blockquote>\n            <p class=\"mb-0\" style=\"color: white !important\">Ich bin Englisch- und Italienischlehrer an einem Gymnasium in \u00d6sterreich und war schon mehrmals in Florenz auf Sprachreise und meine Sch\u00fcler haben an den Sprachkursen des \u201eIstituto Il David\u201c teilgenommen.<br \/>\nIch konnte im Vorfeld angeben, was die Sch\u00fcler weiderholen und lernen sollten und so wurde eine gute Mischung aus Themengebieten und Grammatik- und Wortschatz\u00fcbungen angeboten; das Programm war perfekt auf die Bed\u00fcrfnisse meiner Sch\u00fcler abgestimmt.<br \/>\nVor allem der abwechslungsreiche, interessante, spannende und lustige Unterricht und die jungen motivierten Lehrer sind bei meinen Sch\u00fclern sehr gut angekommen; es gab keine Stunde die f\u00fcr sie langweilig war.<br \/>\nAbgesehen von den Sprachkursen am Vormittag, hatten wir auch ein Nachmittagsprogramm wie zum Beispiel ein Quiz \u00fcber die Geschichte und Kultur von Florenz, eine Stadtf\u00fchrung, einen Kochkurs bei dem die Sch\u00fcler selbst Tiramisu gekocht und verkostet haben und einen Filmnachmittag.<br \/>\nDie Sprachschule hat au\u00dferdem f\u00fcr alle 19 Sch\u00fcler eine Gastfamilie organisiert und so konnten sie den italienischen Lebensstil erfahren und genie\u00dfen. Carlo und sein Team tun alles, um den Aufenthalt so angenehm und unkompliziert wie m\u00f6glich zu gestalten und haben immer wieder gute Tipps f\u00fcr Freizeitaktivit\u00e4ten.<br \/>\nAu\u00dferdem ist das Preis-Leistungsverh\u00e4ltnis ausgezeichnet!!!<br \/>\nIch komme sicher auch in Zukunft wieder und m\u00f6chte mich hier nochmal beim \u201eIstituto Il David\u201c bedanken! Grazie!<br \/>\n<\/p>\n        <\/blockquote>\n        <div class=\"testimonial-arrow-down\"><\/div>\n        <div class=\"testimonial-author\">\n            <p><strong class=\"font-weight-extra-bold\">Markus F.<\/strong><\/p>\n        <\/div>\n    <\/div>\n","protected":false},"featured_media":0,"template":"","courses":[371],"class_list":["post-2622","course","type-course","status-publish","hentry","courses-cours-speciaux"],"yoast_head":"<!-- This site is optimized with the Yoast SEO plugin v27.4 - https:\/\/yoast.com\/product\/yoast-seo-wordpress\/ -->\n<title>Cours d&#039;italien pour groupes scolaires \u00e0 Florence | Istituto IL DAVID<\/title>\n<meta name=\"description\" content=\"Un voyage \u00e0 Florence pour des vacances d&#039;\u00e9tude pour les groupes scolaires. Cours d&#039;italien, cours de culture italienne, chambres en famille, activit\u00e9s, excursions\" \/>\n<meta name=\"robots\" content=\"index, follow, max-snippet:-1, max-image-preview:large, max-video-preview:-1\" \/>\n<link rel=\"canonical\" href=\"https:\/\/www.davidschool.com\/fr\/cours\/cours-speciaux\/groupes-scolaires\/\" \/>\n<meta property=\"og:locale\" content=\"fr_FR\" \/>\n<meta property=\"og:type\" content=\"article\" \/>\n<meta property=\"og:title\" content=\"Cours d&#039;italien pour groupes scolaires \u00e0 Florence | Istituto IL DAVID\" \/>\n<meta property=\"og:description\" content=\"Un voyage \u00e0 Florence pour des vacances d&#039;\u00e9tude pour les groupes scolaires. Cours d&#039;italien, cours de culture italienne, chambres en famille, activit\u00e9s, excursions\" \/>\n<meta property=\"og:url\" content=\"https:\/\/www.davidschool.com\/fr\/cours\/cours-speciaux\/groupes-scolaires\/\" \/>\n<meta property=\"og:site_name\" content=\"Istituto IL DAVID\" \/>\n<meta property=\"article:modified_time\" content=\"2025-11-12T10:41:12+00:00\" \/>\n<meta property=\"og:image\" content=\"https:\/\/www.davidschool.com\/wp-content\/uploads\/2019\/09\/7-Gruppi-scolastici-2.jpg\" \/>\n\t<meta property=\"og:image:width\" content=\"3648\" \/>\n\t<meta property=\"og:image:height\" content=\"2736\" \/>\n\t<meta property=\"og:image:type\" content=\"image\/jpeg\" \/>\n<meta name=\"twitter:card\" content=\"summary_large_image\" \/>\n<meta name=\"twitter:label1\" content=\"Dur\u00e9e de lecture estim\u00e9e\" \/>\n\t<meta name=\"twitter:data1\" content=\"8 minutes\" \/>\n<script type=\"application\/ld+json\" class=\"yoast-schema-graph\">{\"@context\":\"https:\\\/\\\/schema.org\",\"@graph\":[{\"@type\":\"WebPage\",\"@id\":\"https:\\\/\\\/www.davidschool.com\\\/fr\\\/cours\\\/cours-speciaux\\\/groupes-scolaires\\\/\",\"url\":\"https:\\\/\\\/www.davidschool.com\\\/fr\\\/cours\\\/cours-speciaux\\\/groupes-scolaires\\\/\",\"name\":\"Cours d'italien pour groupes scolaires \u00e0 Florence | Istituto IL DAVID\",\"isPartOf\":{\"@id\":\"https:\\\/\\\/www.davidschool.com\\\/fr\\\/#website\"},\"primaryImageOfPage\":{\"@id\":\"https:\\\/\\\/www.davidschool.com\\\/fr\\\/cours\\\/cours-speciaux\\\/groupes-scolaires\\\/#primaryimage\"},\"image\":{\"@id\":\"https:\\\/\\\/www.davidschool.com\\\/fr\\\/cours\\\/cours-speciaux\\\/groupes-scolaires\\\/#primaryimage\"},\"thumbnailUrl\":\"https:\\\/\\\/www.davidschool.com\\\/wp-content\\\/uploads\\\/2019\\\/09\\\/7-Gruppi-scolastici-2-1024x768.jpg\",\"datePublished\":\"2019-07-05T16:29:43+00:00\",\"dateModified\":\"2025-11-12T10:41:12+00:00\",\"description\":\"Un voyage \u00e0 Florence pour des vacances d'\u00e9tude pour les groupes scolaires. Cours d'italien, cours de culture italienne, chambres en famille, activit\u00e9s, excursions\",\"breadcrumb\":{\"@id\":\"https:\\\/\\\/www.davidschool.com\\\/fr\\\/cours\\\/cours-speciaux\\\/groupes-scolaires\\\/#breadcrumb\"},\"inLanguage\":\"fr-FR\",\"potentialAction\":[{\"@type\":\"ReadAction\",\"target\":[\"https:\\\/\\\/www.davidschool.com\\\/fr\\\/cours\\\/cours-speciaux\\\/groupes-scolaires\\\/\"]}]},{\"@type\":\"ImageObject\",\"inLanguage\":\"fr-FR\",\"@id\":\"https:\\\/\\\/www.davidschool.com\\\/fr\\\/cours\\\/cours-speciaux\\\/groupes-scolaires\\\/#primaryimage\",\"url\":\"https:\\\/\\\/www.davidschool.com\\\/wp-content\\\/uploads\\\/2019\\\/09\\\/7-Gruppi-scolastici-2-1024x768.jpg\",\"contentUrl\":\"https:\\\/\\\/www.davidschool.com\\\/wp-content\\\/uploads\\\/2019\\\/09\\\/7-Gruppi-scolastici-2-1024x768.jpg\"},{\"@type\":\"BreadcrumbList\",\"@id\":\"https:\\\/\\\/www.davidschool.com\\\/fr\\\/cours\\\/cours-speciaux\\\/groupes-scolaires\\\/#breadcrumb\",\"itemListElement\":[{\"@type\":\"ListItem\",\"position\":1,\"name\":\"Home\",\"item\":\"https:\\\/\\\/www.davidschool.com\\\/fr\\\/\"},{\"@type\":\"ListItem\",\"position\":2,\"name\":\"Corsi\",\"item\":\"https:\\\/\\\/www.davidschool.com\\\/fr\\\/cours\\\/\"},{\"@type\":\"ListItem\",\"position\":3,\"name\":\"COURS POUR GROUPES SCOLAIRES\"}]},{\"@type\":\"WebSite\",\"@id\":\"https:\\\/\\\/www.davidschool.com\\\/fr\\\/#website\",\"url\":\"https:\\\/\\\/www.davidschool.com\\\/fr\\\/\",\"name\":\"Istituto IL DAVID\",\"description\":\"Italian Language School\",\"publisher\":{\"@id\":\"https:\\\/\\\/www.davidschool.com\\\/fr\\\/#organization\"},\"potentialAction\":[{\"@type\":\"SearchAction\",\"target\":{\"@type\":\"EntryPoint\",\"urlTemplate\":\"https:\\\/\\\/www.davidschool.com\\\/fr\\\/?s={search_term_string}\"},\"query-input\":{\"@type\":\"PropertyValueSpecification\",\"valueRequired\":true,\"valueName\":\"search_term_string\"}}],\"inLanguage\":\"fr-FR\"},{\"@type\":\"Organization\",\"@id\":\"https:\\\/\\\/www.davidschool.com\\\/fr\\\/#organization\",\"name\":\"Istituto Il David\",\"url\":\"https:\\\/\\\/www.davidschool.com\\\/fr\\\/\",\"logo\":{\"@type\":\"ImageObject\",\"inLanguage\":\"fr-FR\",\"@id\":\"https:\\\/\\\/www.davidschool.com\\\/fr\\\/#\\\/schema\\\/logo\\\/image\\\/\",\"url\":\"https:\\\/\\\/www.davidschool.com\\\/wp-content\\\/uploads\\\/2019\\\/05\\\/Il-David_logo.png\",\"contentUrl\":\"https:\\\/\\\/www.davidschool.com\\\/wp-content\\\/uploads\\\/2019\\\/05\\\/Il-David_logo.png\",\"width\":429,\"height\":133,\"caption\":\"Istituto Il David\"},\"image\":{\"@id\":\"https:\\\/\\\/www.davidschool.com\\\/fr\\\/#\\\/schema\\\/logo\\\/image\\\/\"}}]}<\/script>\n<!-- \/ Yoast SEO plugin. -->","yoast_head_json":{"title":"Cours d'italien pour groupes scolaires \u00e0 Florence | Istituto IL DAVID","description":"Un voyage \u00e0 Florence pour des vacances d'\u00e9tude pour les groupes scolaires. Cours d'italien, cours de culture italienne, chambres en famille, activit\u00e9s, excursions","robots":{"index":"index","follow":"follow","max-snippet":"max-snippet:-1","max-image-preview":"max-image-preview:large","max-video-preview":"max-video-preview:-1"},"canonical":"https:\/\/www.davidschool.com\/fr\/cours\/cours-speciaux\/groupes-scolaires\/","og_locale":"fr_FR","og_type":"article","og_title":"Cours d'italien pour groupes scolaires \u00e0 Florence | Istituto IL DAVID","og_description":"Un voyage \u00e0 Florence pour des vacances d'\u00e9tude pour les groupes scolaires. Cours d'italien, cours de culture italienne, chambres en famille, activit\u00e9s, excursions","og_url":"https:\/\/www.davidschool.com\/fr\/cours\/cours-speciaux\/groupes-scolaires\/","og_site_name":"Istituto IL DAVID","article_modified_time":"2025-11-12T10:41:12+00:00","og_image":[{"width":3648,"height":2736,"url":"https:\/\/www.davidschool.com\/wp-content\/uploads\/2019\/09\/7-Gruppi-scolastici-2.jpg","type":"image\/jpeg"}],"twitter_card":"summary_large_image","twitter_misc":{"Dur\u00e9e de lecture estim\u00e9e":"8 minutes"},"schema":{"@context":"https:\/\/schema.org","@graph":[{"@type":"WebPage","@id":"https:\/\/www.davidschool.com\/fr\/cours\/cours-speciaux\/groupes-scolaires\/","url":"https:\/\/www.davidschool.com\/fr\/cours\/cours-speciaux\/groupes-scolaires\/","name":"Cours d'italien pour groupes scolaires \u00e0 Florence | Istituto IL DAVID","isPartOf":{"@id":"https:\/\/www.davidschool.com\/fr\/#website"},"primaryImageOfPage":{"@id":"https:\/\/www.davidschool.com\/fr\/cours\/cours-speciaux\/groupes-scolaires\/#primaryimage"},"image":{"@id":"https:\/\/www.davidschool.com\/fr\/cours\/cours-speciaux\/groupes-scolaires\/#primaryimage"},"thumbnailUrl":"https:\/\/www.davidschool.com\/wp-content\/uploads\/2019\/09\/7-Gruppi-scolastici-2-1024x768.jpg","datePublished":"2019-07-05T16:29:43+00:00","dateModified":"2025-11-12T10:41:12+00:00","description":"Un voyage \u00e0 Florence pour des vacances d'\u00e9tude pour les groupes scolaires. Cours d'italien, cours de culture italienne, chambres en famille, activit\u00e9s, excursions","breadcrumb":{"@id":"https:\/\/www.davidschool.com\/fr\/cours\/cours-speciaux\/groupes-scolaires\/#breadcrumb"},"inLanguage":"fr-FR","potentialAction":[{"@type":"ReadAction","target":["https:\/\/www.davidschool.com\/fr\/cours\/cours-speciaux\/groupes-scolaires\/"]}]},{"@type":"ImageObject","inLanguage":"fr-FR","@id":"https:\/\/www.davidschool.com\/fr\/cours\/cours-speciaux\/groupes-scolaires\/#primaryimage","url":"https:\/\/www.davidschool.com\/wp-content\/uploads\/2019\/09\/7-Gruppi-scolastici-2-1024x768.jpg","contentUrl":"https:\/\/www.davidschool.com\/wp-content\/uploads\/2019\/09\/7-Gruppi-scolastici-2-1024x768.jpg"},{"@type":"BreadcrumbList","@id":"https:\/\/www.davidschool.com\/fr\/cours\/cours-speciaux\/groupes-scolaires\/#breadcrumb","itemListElement":[{"@type":"ListItem","position":1,"name":"Home","item":"https:\/\/www.davidschool.com\/fr\/"},{"@type":"ListItem","position":2,"name":"Corsi","item":"https:\/\/www.davidschool.com\/fr\/cours\/"},{"@type":"ListItem","position":3,"name":"COURS POUR GROUPES SCOLAIRES"}]},{"@type":"WebSite","@id":"https:\/\/www.davidschool.com\/fr\/#website","url":"https:\/\/www.davidschool.com\/fr\/","name":"Istituto IL DAVID","description":"Italian Language School","publisher":{"@id":"https:\/\/www.davidschool.com\/fr\/#organization"},"potentialAction":[{"@type":"SearchAction","target":{"@type":"EntryPoint","urlTemplate":"https:\/\/www.davidschool.com\/fr\/?s={search_term_string}"},"query-input":{"@type":"PropertyValueSpecification","valueRequired":true,"valueName":"search_term_string"}}],"inLanguage":"fr-FR"},{"@type":"Organization","@id":"https:\/\/www.davidschool.com\/fr\/#organization","name":"Istituto Il David","url":"https:\/\/www.davidschool.com\/fr\/","logo":{"@type":"ImageObject","inLanguage":"fr-FR","@id":"https:\/\/www.davidschool.com\/fr\/#\/schema\/logo\/image\/","url":"https:\/\/www.davidschool.com\/wp-content\/uploads\/2019\/05\/Il-David_logo.png","contentUrl":"https:\/\/www.davidschool.com\/wp-content\/uploads\/2019\/05\/Il-David_logo.png","width":429,"height":133,"caption":"Istituto Il David"},"image":{"@id":"https:\/\/www.davidschool.com\/fr\/#\/schema\/logo\/image\/"}}]}},"_links":{"self":[{"href":"https:\/\/www.davidschool.com\/fr\/wp-json\/wp\/v2\/course\/2622","targetHints":{"allow":["GET"]}}],"collection":[{"href":"https:\/\/www.davidschool.com\/fr\/wp-json\/wp\/v2\/course"}],"about":[{"href":"https:\/\/www.davidschool.com\/fr\/wp-json\/wp\/v2\/types\/course"}],"version-history":[{"count":7,"href":"https:\/\/www.davidschool.com\/fr\/wp-json\/wp\/v2\/course\/2622\/revisions"}],"predecessor-version":[{"id":21925,"href":"https:\/\/www.davidschool.com\/fr\/wp-json\/wp\/v2\/course\/2622\/revisions\/21925"}],"wp:attachment":[{"href":"https:\/\/www.davidschool.com\/fr\/wp-json\/wp\/v2\/media?parent=2622"}],"wp:term":[{"taxonomy":"courses","embeddable":true,"href":"https:\/\/www.davidschool.com\/fr\/wp-json\/wp\/v2\/courses?post=2622"}],"curies":[{"name":"wp","href":"https:\/\/api.w.org\/{rel}","templated":true}]}}